{"id":3701,"date":"2025-09-12T10:05:36","date_gmt":"2025-09-12T08:05:36","guid":{"rendered":"https:\/\/www.isska.ch\/?page_id=3701"},"modified":"2025-09-12T14:06:04","modified_gmt":"2025-09-12T12:06:04","slug":"portfoliomemoires","status":"publish","type":"page","link":"https:\/\/www.isska.ch\/de\/portfoliomemoires\/","title":{"rendered":"Port\u00adfo\u00adlio Un\u00adte\u00adrir\u00addische Erin\u00adne\u00adrun\u00adgen"},"content":{"rendered":"<ul>\n<li>\n        <a href=\"https:\/\/www.isska.ch\/qui-sommes-nous\">Qui sommes-nous?<\/a>\n    <\/li>\n<li>\n        <a href=\"https:\/\/www.isska.ch\/competences\/\">Comp\u00e9tences<\/a>\n    <\/li>\n<li>\n        <a href=\"https:\/\/www.isska.ch\/prestations\/\">Prestations<\/a>\n    <\/li>\n<\/ul>\n<h1>Portfolio<\/h1>\n<h3>M\u00e9moires souterraines &#8211; projet pour lcdf capitale culturelle suisse 2027<\/h3>\n<ul>\n<li>\n<p>        <img decoding=\"async\" src=\"\/wp-content\/uploads\/2024\/05\/sieben_Nathan-scaled.jpg\" alt=\"\"><\/p>\n<h3>Mod\u00e8le 3D du r\u00e9seau de grottes des Sieben Hengste Hogant<\/h3>\n<\/li>\n<li>\n<p>        <img decoding=\"async\" src=\"\/wp-content\/uploads\/2025\/09\/Spelaion_Forum_2022_RW_33-faussegrotte.jpg\" alt=\"\"><\/p>\n<h3>Reproduction de grotte 1\/1 au Spelaion Forum22<\/h3>\n<\/li>\n<li>\n<p>        <img decoding=\"async\" src=\"\/wp-content\/uploads\/2024\/03\/COMP_ENS_excursion_LCHF2_4G1A2014-scaled.jpg\" alt=\"\"><\/p>\n<h3>D\u00e9couverte des souterrains de la Ville de lcdf<\/h3>\n<\/li>\n<li>\n<p>        <img decoding=\"async\" src=\"\/wp-content\/uploads\/2024\/03\/COMP_ENS_Spelaion_Forum_2022_RW_42-scaled.jpg\" alt=\"\"><\/p>\n<h3>Exposition lors du Spelaion Forum 22 \u00e0 lcdf<\/h3>\n<\/li>\n<li>\n<p>        <img decoding=\"async\" src=\"\/wp-content\/uploads\/2024\/06\/IMG_1991_DxO.jpg\" alt=\"\"><\/p>\n<h3>Acquisition de donn\u00e9es 3D en grotte<\/h3>\n<\/li>\n<li>\n<p>        <img decoding=\"async\" src=\"\/wp-content\/uploads\/2024\/03\/COMP_ENS_DSC0486-scaled.jpg\" alt=\"\"><\/p>\n<h3>Accompagnement en milieu souterrain<\/h3>\n<\/li>\n<li>\n<p>        <img decoding=\"async\" src=\"\/wp-content\/uploads\/2025\/09\/Grotte_TM800_03_2024_RW_4.jpg\" alt=\"\"><\/p>\n<h3>TM800, vaste cavit\u00e9 recoup\u00e9e par le tunnel de la Vue des Alpes<\/h3>\n<\/li>\n<li>\n<p>        <img decoding=\"async\" src=\"\/wp-content\/uploads\/2025\/09\/Co_Effondrement.jpg\" alt=\"\"><\/p>\n<h3>Cavit\u00e9 apparue brusquement en Ville de lcdf<\/h3>\n<\/li>\n<li>\n<p>        <img decoding=\"async\" src=\"\/wp-content\/uploads\/2024\/05\/S19-7.jpg\" alt=\"\"><\/p>\n<h3>Espaces souterrains \u00e0 la Cr\u00eate de Vaas<\/h3>\n<\/li>\n<\/ul>\n<div>\n<div>\n<h3 style=\"text-align: center;\">Contact<\/h3>\n<p style=\"text-align: center;\"><img loading=\"lazy\" decoding=\"async\" src=\"https:\/\/www.isska.ch\/wp-content\/uploads\/2024\/01\/Amandine_nb-scaled.jpg\" alt=\"\" width=\"225\" height=\"300\" class=\"alignnone wp-image-2778 size-medium\" \/><\/p>\n<p style=\"text-align: center;\">Amandine Perret<br \/><a href=\"mailto:amandine.perret@isska.ch\">Envoyer e-mail<\/a><\/p>\n<\/p>\n<\/div>\n<\/div>\n<div>\n<div>\n<h3 style=\"text-align: center;\">Contact<\/h3>\n<p style=\"text-align: center;\"><img loading=\"lazy\" decoding=\"async\" src=\"https:\/\/www.isska.ch\/wp-content\/uploads\/2024\/01\/Maud_nb-scaled.jpg\" alt=\"\" width=\"225\" height=\"300\" class=\"alignnone wp-image-2777 size-medium\" \/><\/p>\n<p style=\"text-align: center;\">Maud Galletti<br \/><a href=\"mailto:maud.galletti@isska.ch\">Envoyer e-mail<\/a><\/p>\n<\/p>\n<\/div>\n<\/div>\n<p><!--more--><br \/>\n<!-- {\"type\":\"layout\",\"children\":[{\"type\":\"section\",\"props\":{\"css\":\"@media (max-width:759px) {\\n  .el-section {\\n      height: 370px;\\n    }\\n}\\n@media (min-width:760px) {\\n    .el-section {\\n        height: 275px;\\n    }\\n}\\n@media (min-width:1200px) {\\n    .el-section {\\n        height: 340px;\\n    }\\n}\\n@media (min-width:1600px) {\\n    .el-section {\\n        height: 580px;\\n    }\\n}\\n@media (min-width:1600px) and (max-height:1100px) {\\n    .el-section {\\n        height: 460px;\\n    }\\n}\",\"image\":\"wp-content\\\/uploads\\\/2024\\\/01\\\/CreteVaas_2023_RW_5-scaled.jpg\",\"image_position\":\"center-center\",\"image_size\":\"cover\",\"padding\":\"large\",\"style\":\"default\",\"title_breakpoint\":\"xl\",\"title_position\":\"top-left\",\"title_rotation\":\"left\",\"vertical_align\":\"middle\",\"width\":\"default\"},\"children\":[{\"type\":\"row\",\"children\":[{\"type\":\"column\",\"props\":{\"image_position\":\"center-center\",\"position_sticky_breakpoint\":\"m\"},\"children\":[{\"type\":\"button\",\"props\":{\"css\":\".el-content {\\n    font-family: \\\"Century Gothic\\\", Verdana, sans-serif;\\n    }\\n@media (max-width:759px) {\\n  .el-content {\\n    margin: 10px 50px; \\n    width: 250px;\\n    position: relative;\\n    top: 180px;\\n  }\\n}\\n@media (min-width:760px) {\\n  .el-content {\\n    margin: 10px 6px; \\n    width: 217px;\\n    position: relative;\\n    top: 104px;\\n  }\\n}\\n@media (min-width:1200px) {\\n  .el-content {\\n    width: 260px;\\n    margin: 0px 40px;\\n    position: relative;\\n    top: 165px;\\n  }\\n}\\n@media (min-width:1600px) {\\n  .el-content {\\n    margin-top: 250px;\\n }\\n} \\n@media (min-width:1600px) and (max-height:1100px) {\\n  .el-content {\\n    margin-top: 130px;\\n }\\n} \",\"fullwidth\":false,\"grid_column_gap\":\"collapse\",\"grid_row_gap\":\"small\",\"margin\":\"default\",\"position_bottom\":\"-93\",\"position_z_index\":\"2\",\"text_align\":\"center\"},\"children\":[{\"type\":\"button_item\",\"props\":{\"button_style\":\"primary\",\"content\":\"Qui sommes-nous?\",\"icon_align\":\"left\",\"link\":\"https:\\\/\\\/www.isska.ch\\\/qui-sommes-nous\"}},{\"type\":\"button_item\",\"props\":{\"button_style\":\"primary\",\"content\":\"Comp\\u00e9tences\",\"icon_align\":\"left\",\"link\":\"https:\\\/\\\/www.isska.ch\\\/competences\\\/\"}},{\"type\":\"button_item\",\"props\":{\"button_style\":\"primary\",\"content\":\"Prestations\",\"icon_align\":\"left\",\"link\":\"https:\\\/\\\/www.isska.ch\\\/prestations\\\/\"}}]}]}]}],\"name\":\"Header_fr\"},{\"type\":\"section\",\"props\":{\"css\":\"@media (max-width: 759px) {\\n    .el-row {\\n        padding-top: 135px;\\n    }\\n}\\n@media (max-width: 759px) and (orientation:landscape) {\\n    .el-row {\\n        padding-top: 140px;\\n    }\\n}\",\"image_position\":\"center-center\",\"style\":\"default\",\"title_breakpoint\":\"xl\",\"title_position\":\"top-left\",\"title_rotation\":\"left\",\"vertical_align\":\"middle\",\"width\":\"default\"},\"children\":[{\"type\":\"row\",\"children\":[{\"type\":\"column\",\"props\":{\"image_position\":\"center-center\",\"position_sticky_breakpoint\":\"m\"},\"children\":[{\"type\":\"breadcrumbs\",\"props\":{\"show_current\":true,\"show_home\":true,\"visibility\":\"s\"},\"name\":\"Breadcrumbs\"},{\"type\":\"headline\",\"props\":{\"content\":\"Portfolio\",\"title_element\":\"h1\"},\"name\":\"Titre\"},{\"type\":\"headline\",\"props\":{\"content\":\"M\\u00e9moires souterraines - projet pour lcdf capitale culturelle suisse 2027\",\"title_element\":\"h3\"}},{\"type\":\"gallery\",\"props\":{\"filter_align\":\"left\",\"filter_all\":true,\"filter_grid_breakpoint\":\"m\",\"filter_grid_width\":\"auto\",\"filter_position\":\"top\",\"filter_style\":\"tab\",\"grid_column_gap\":\"small\",\"grid_default\":\"1\",\"grid_divider\":false,\"grid_masonry\":\"pack\",\"grid_medium\":\"3\",\"grid_parallax_justify\":false,\"grid_row_gap\":\"small\",\"item_animation\":true,\"lightbox\":false,\"link_style\":\"default\",\"link_text\":\"Read more\",\"margin\":\"default\",\"meta_align\":\"below-title\",\"meta_element\":\"div\",\"meta_style\":\"text-meta\",\"overlay_hover\":true,\"overlay_mode\":\"cover\",\"overlay_position\":\"center\",\"overlay_style\":\"overlay-primary\",\"overlay_transition\":\"fade\",\"show_content\":true,\"show_hover_image\":true,\"show_link\":true,\"show_meta\":true,\"show_title\":true,\"text_align\":\"center\",\"text_color\":\"light\",\"title_element\":\"h3\",\"title_hover_style\":\"reset\"},\"children\":[{\"type\":\"gallery_item\",\"props\":{\"image\":\"wp-content\\\/uploads\\\/2024\\\/05\\\/sieben_Nathan-scaled.jpg\",\"title\":\"Mod\\u00e8le 3D du r\\u00e9seau de grottes des Sieben Hengste Hogant\"}},{\"type\":\"gallery_item\",\"props\":{\"image\":\"wp-content\\\/uploads\\\/2025\\\/09\\\/Spelaion_Forum_2022_RW_33-faussegrotte.jpg\",\"title\":\"Reproduction de grotte 1\\\/1 au Spelaion Forum22\"}},{\"type\":\"gallery_item\",\"props\":{\"image\":\"wp-content\\\/uploads\\\/2024\\\/03\\\/COMP_ENS_excursion_LCHF2_4G1A2014-scaled.jpg\",\"title\":\"D\\u00e9couverte des souterrains de la Ville de lcdf\"}},{\"type\":\"gallery_item\",\"props\":{\"image\":\"wp-content\\\/uploads\\\/2024\\\/03\\\/COMP_ENS_Spelaion_Forum_2022_RW_42-scaled.jpg\",\"title\":\"Exposition lors du Spelaion Forum 22 \\u00e0 lcdf\"}},{\"type\":\"gallery_item\",\"props\":{\"image\":\"wp-content\\\/uploads\\\/2024\\\/06\\\/IMG_1991_DxO.jpg\",\"title\":\"Acquisition de donn\\u00e9es 3D en grotte\"}},{\"type\":\"gallery_item\",\"props\":{\"image\":\"wp-content\\\/uploads\\\/2024\\\/03\\\/COMP_ENS_DSC0486-scaled.jpg\",\"title\":\"Accompagnement en milieu souterrain\"}},{\"type\":\"gallery_item\",\"props\":{\"image\":\"wp-content\\\/uploads\\\/2025\\\/09\\\/Grotte_TM800_03_2024_RW_4.jpg\",\"title\":\"TM800, vaste cavit\\u00e9 recoup\\u00e9e par le tunnel de la Vue des Alpes\"}},{\"type\":\"gallery_item\",\"props\":{\"image\":\"wp-content\\\/uploads\\\/2025\\\/09\\\/Co_Effondrement.jpg\",\"title\":\"Cavit\\u00e9 apparue brusquement en Ville de lcdf\"}},{\"type\":\"gallery_item\",\"props\":{\"image\":\"wp-content\\\/uploads\\\/2024\\\/05\\\/S19-7.jpg\",\"title\":\"Espaces souterrains \\u00e0 la Cr\\u00eate de Vaas\"}}]}]}]},{\"type\":\"row\",\"children\":[{\"type\":\"column\",\"props\":{\"image_position\":\"center-center\",\"position_sticky_breakpoint\":\"m\"},\"children\":[{\"type\":\"fragment\",\"props\":{\"margin\":\"default\"},\"children\":[{\"type\":\"row\",\"props\":{\"layout\":\"1-2,1-2\"},\"children\":[{\"type\":\"column\",\"props\":{\"image_position\":\"center-center\",\"position_sticky_breakpoint\":\"m\",\"width_medium\":\"1-2\"},\"children\":[{\"type\":\"panel\",\"props\":{\"content\":\"\n\n<h3 style=\\\"text-align: center;\\\"><br \\\/>Contact<\\\/h3>\\n\n\n<p style=\\\"text-align: center;\\\"><img src=\\\"https:\\\/\\\/www.isska.ch\\\/wp-content\\\/uploads\\\/2024\\\/01\\\/Amandine_nb-scaled.jpg\\\" alt=\\\"\\\" width=\\\"225\\\" height=\\\"300\\\" class=\\\"alignnone wp-image-2778 size-medium\\\" \\\/><\\\/p>\\n\n\n<p style=\\\"text-align: center;\\\">Amandine Perret<br \\\/><a href=\\\"mailto:amandine.perret@isska.ch\\\">Envoyer e-mail<\\\/a><\\\/p>\\n\n\n<p><\\\/p>\",\"content_column_breakpoint\":\"m\",\"css\":\".el-element {\\n    text-align: justify;\\n    font-family: 'Century Gothic', Verdana, sans-serif;\\n\\n}\",\"icon_width\":80,\"image\":\"\",\"image_align\":\"top\",\"image_grid_breakpoint\":\"m\",\"image_grid_width\":\"1-2\",\"image_svg_color\":\"emphasis\",\"image_width\":200,\"link_style\":\"default\",\"link_text\":\"Read more\",\"margin\":\"default\",\"meta_align\":\"below-title\",\"meta_element\":\"div\",\"meta_style\":\"text-meta\",\"panel_style\":\"card-default\",\"title_align\":\"top\",\"title_element\":\"h3\",\"title_grid_breakpoint\":\"m\",\"title_grid_width\":\"1-2\",\"title_hover_style\":\"reset\"},\"name\":\"Contact_Comp\"}]},{\"type\":\"column\",\"props\":{\"image_position\":\"center-center\",\"position_sticky_breakpoint\":\"m\",\"width_medium\":\"1-2\"},\"children\":[{\"type\":\"panel\",\"props\":{\"content\":\"\n\n<h3 style=\\\"text-align: center;\\\"><br \\\/>Contact<\\\/h3>\\n\n\n<p style=\\\"text-align: center;\\\"><img src=\\\"https:\\\/\\\/www.isska.ch\\\/wp-content\\\/uploads\\\/2024\\\/01\\\/Maud_nb-scaled.jpg\\\" alt=\\\"\\\" width=\\\"225\\\" height=\\\"300\\\" class=\\\"alignnone wp-image-2777 size-medium\\\" \\\/><\\\/p>\\n\n\n<p style=\\\"text-align: center;\\\">Maud Galletti<br \\\/><a href=\\\"mailto:maud.galletti@isska.ch\\\">Envoyer e-mail<\\\/a><\\\/p>\\n\n\n<p><\\\/p>\",\"content_column_breakpoint\":\"m\",\"css\":\".el-element {\\n    text-align: justify;\\n    font-family: 'Century Gothic', Verdana, sans-serif;\\n\\n}\",\"icon_width\":80,\"image\":\"\",\"image_align\":\"top\",\"image_grid_breakpoint\":\"m\",\"image_grid_width\":\"1-2\",\"image_svg_color\":\"emphasis\",\"image_width\":200,\"link_style\":\"default\",\"link_text\":\"Read more\",\"margin\":\"default\",\"meta_align\":\"below-title\",\"meta_element\":\"div\",\"meta_style\":\"text-meta\",\"panel_style\":\"card-default\",\"title_align\":\"top\",\"title_element\":\"h3\",\"title_grid_breakpoint\":\"m\",\"title_grid_width\":\"1-2\",\"title_hover_style\":\"reset\"},\"name\":\"Contact_Comp\"}]}]}]}]}]},{\"type\":\"row\",\"children\":[{\"type\":\"column\",\"props\":{\"image_position\":\"center-center\",\"position_sticky_breakpoint\":\"m\"}}]}],\"name\":\"Portfolio\"}],\"version\":\"4.3.5\"} --><\/p>\n","protected":false},"excerpt":{"rendered":"<p>Qui sommes-nous? Comp\u00e9tences Prestations Portfolio M\u00e9moires souterraines &#8211; projet pour lcdf capitale culturelle suisse 2027 Mod\u00e8le 3D du r\u00e9seau de grottes des Sieben Hengste Hogant Reproduction de grotte 1\/1 au Spelaion Forum22 D\u00e9couverte des souterrains de la Ville de lcdf Exposition lors du Spelaion Forum 22 \u00e0 lcdf Acquisition de donn\u00e9es 3D en grotte Accompagnement [&hellip;]<\/p>\n","protected":false},"author":1,"featured_media":0,"parent":0,"menu_order":0,"comment_status":"closed","ping_status":"closed","template":"","meta":{"wp_typography_post_enhancements_disabled":false,"footnotes":""},"categories":[1],"tags":[92,91,93],"class_list":["post-3701","page","type-page","status-publish","hentry","category-uncategorized","tag-images","tag-portfolio","tag-projet"],"_links":{"self":[{"href":"https:\/\/www.isska.ch\/de\/wp-json\/wp\/v2\/pages\/3701","targetHints":{"allow":["GET"]}}],"collection":[{"href":"https:\/\/www.isska.ch\/de\/wp-json\/wp\/v2\/pages"}],"about":[{"href":"https:\/\/www.isska.ch\/de\/wp-json\/wp\/v2\/types\/page"}],"author":[{"embeddable":true,"href":"https:\/\/www.isska.ch\/de\/wp-json\/wp\/v2\/users\/1"}],"replies":[{"embeddable":true,"href":"https:\/\/www.isska.ch\/de\/wp-json\/wp\/v2\/comments?post=3701"}],"version-history":[{"count":26,"href":"https:\/\/www.isska.ch\/de\/wp-json\/wp\/v2\/pages\/3701\/revisions"}],"predecessor-version":[{"id":3731,"href":"https:\/\/www.isska.ch\/de\/wp-json\/wp\/v2\/pages\/3701\/revisions\/3731"}],"wp:attachment":[{"href":"https:\/\/www.isska.ch\/de\/wp-json\/wp\/v2\/media?parent=3701"}],"wp:term":[{"taxonomy":"category","embeddable":true,"href":"https:\/\/www.isska.ch\/de\/wp-json\/wp\/v2\/categories?post=3701"},{"taxonomy":"post_tag","embeddable":true,"href":"https:\/\/www.isska.ch\/de\/wp-json\/wp\/v2\/tags?post=3701"}],"curies":[{"name":"wp","href":"https:\/\/api.w.org\/{rel}","templated":true}]}}